{"version":"1.0","provider_name":"Adrama - Associa\u00e7\u00e3o de Desenvolvimento da Regi\u00e3o Aut\u00f3noma da Madeira","provider_url":"https:\/\/adrama.pt","author_name":"admin","author_url":"https:\/\/adrama.pt\/profiles\/admin\/","title":"Inclus\u00e3o Digital II","type":"rich","width":600,"height":338,"html":"<blockquote class=\"wp-embedded-content\"><a href=\"https:\/\/adrama.pt\/inclusao-digital\/\">Inclus\u00e3o Digital II<\/a><\/blockquote>\n<script type='text\/javascript'>\n<![CDATA[\/\/><!]]>\n<\/script><iframe sandbox=\"allow-scripts\" security=\"restricted\" src=\"https:\/\/adrama.pt\/inclusao-digital\/embed\/\" width=\"600\" height=\"338\" title=\"&#8220;Inclus\u00e3o Digital II&#8221; &#8212; Adrama - Associa\u00e7\u00e3o de Desenvolvimento da Regi\u00e3o Aut\u00f3noma da Madeira\" frameborder=\"0\" marginwidth=\"0\" marginheight=\"0\" scrolling=\"no\" class=\"wp-embedded-content\"><\/iframe>","thumbnail_url":"https:\/\/adrama.pt\/website\/media\/2023\/02\/Banner-web-A-17fev23-Grande.jpg","thumbnail_width":600,"thumbnail_height":300}